{"id":716,"date":"2016-02-14T10:12:18","date_gmt":"2016-02-14T10:12:18","guid":{"rendered":"http:\/\/konrad-consulting.net\/?page_id=716"},"modified":"2022-04-05T15:45:51","modified_gmt":"2022-04-05T15:45:51","slug":"referenzen","status":"publish","type":"page","link":"http:\/\/konrad-consulting.net\/?page_id=716","title":{"rendered":"Referenzen"},"content":{"rendered":"<div id=\"pl-716\"  class=\"panel-layout\" ><div id=\"pg-716-0\"  class=\"panel-grid panel-has-style\" ><div class=\"siteorigin-panels-stretch panel-row-style panel-row-style-for-716-0\" data-stretch-type=\"full\" ><div id=\"pgc-716-0-0\"  class=\"panel-grid-cell\" ><div id=\"panel-716-0-0-0\" class=\"so-panel widget widget_sow-editor panel-first-child\" data-index=\"0\" ><div\n\t\t\t\n\t\t\tclass=\"so-widget-sow-editor so-widget-sow-editor-base\"\n\t\t\t\n\t\t>\n<div class=\"siteorigin-widget-tinymce textwidget\">\n\t<h1 style=\"text-align: left;\"><span style=\"color: #99cc00;\">Evaluierung<\/span><\/h1>\n<p style=\"text-align: left;\"><span style=\"color: #000000;\"><strong>Governance eines grenz\u00fcbergreifenden Schutzgebietskomplexes in Westafrika<\/strong><\/span><\/p>\n<\/div>\n<\/div><\/div><div id=\"panel-716-0-0-1\" class=\"so-panel widget widget_sow-image\" data-index=\"1\" ><div\n\t\t\t\n\t\t\tclass=\"so-widget-sow-image so-widget-sow-image-default-8b5b6f678277-716\"\n\t\t\t\n\t\t>\n\n<div class=\"sow-image-container\">\n\t\t<img loading=\"lazy\" decoding=\"async\" src=\"http:\/\/konrad-consulting.net\/wp-content\/uploads\/2016\/02\/Karte_Afrika_WAP_1.jpg\" width=\"2225\" height=\"2400\" srcset=\"http:\/\/konrad-consulting.net\/wp-content\/uploads\/2016\/02\/Karte_Afrika_WAP_1.jpg 2225w, http:\/\/konrad-consulting.net\/wp-content\/uploads\/2016\/02\/Karte_Afrika_WAP_1-278x300.jpg 278w, http:\/\/konrad-consulting.net\/wp-content\/uploads\/2016\/02\/Karte_Afrika_WAP_1-768x828.jpg 768w, http:\/\/konrad-consulting.net\/wp-content\/uploads\/2016\/02\/Karte_Afrika_WAP_1-949x1024.jpg 949w\" sizes=\"(max-width: 2225px) 100vw, 2225px\" alt=\"\" \t\tclass=\"so-widget-image\"\/>\n\t<\/div>\n\n<\/div><\/div><div id=\"panel-716-0-0-2\" class=\"so-panel widget widget_sow-editor panel-last-child\" data-index=\"2\" ><div\n\t\t\t\n\t\t\tclass=\"so-widget-sow-editor so-widget-sow-editor-base\"\n\t\t\t\n\t\t>\n<div class=\"siteorigin-widget-tinymce textwidget\">\n\t<p><em>Diese Arbeit wurde im Rahmen des BIOTA-Programms durch das Bundesministerium f\u00fcr Bildung und Forschung (BMBF) finanziert<\/em><\/p>\n<p><img loading=\"lazy\" decoding=\"async\" class=\"alignnone size-full wp-image-723\" src=\"http:\/\/konrad-consulting.net\/wp-content\/uploads\/2016\/02\/128px-BMBF_Logo.svg_.png\" alt=\"128px-BMBF_Logo.svg\" width=\"128\" height=\"66\" \/><\/p>\n<\/div>\n<\/div><\/div><\/div><div id=\"pgc-716-0-1\"  class=\"panel-grid-cell\" ><div id=\"panel-716-0-1-0\" class=\"so-panel widget widget_sow-editor panel-first-child panel-last-child\" data-index=\"3\" ><div class=\"panel-widget-style panel-widget-style-for-716-0-1-0\" ><div\n\t\t\t\n\t\t\tclass=\"so-widget-sow-editor so-widget-sow-editor-base\"\n\t\t\t\n\t\t>\n<div class=\"siteorigin-widget-tinymce textwidget\">\n\t<p><strong>Durchf\u00fchrung<\/strong><br \/>Dr. Tillmann Konrad<\/p>\n<p><strong>Region<br \/><\/strong>Grenz\u00fcbergreifender Schutzgebietskomplex W-Arly-Pendjari in Benin\/Burkina Faso. Der Komplex erstreckt sich auf \u00fcber 30.000 Quadratkilometer und setzt sich aus etwa 20 Untereinheiten zusammen.<\/p>\n<p><strong>Ziel<br \/><\/strong>(a) Analyse der Governance-Strukturen auf Mikro-, Meso- und Makroebene inkl. der jeweiligen Kontextbedingungen;<br \/>(b) Evaluation\u00a0 Prozesse und Wirkungen verschiedener kooperativer Managementsysteme, mit Fokus auf gerechtem Vorteilsausgleich<\/p>\n<p><strong>Methoden<\/strong><br \/>Qualitativ (z.B. Experteninterviews, Literaturrecherche) und quantitativ (z.B. Haushaltsbefragung (n=549), Fernerkundungsanalyse)<\/p>\n<p><strong>Ergebnisse<br \/><\/strong>Die Governance-Regime der einzelnen Untereinheiten unterschieden sich stark in ihrer F\u00e4higkeit, lokale Partizipationsstrukturen aufzubauen, Vorteile f\u00fcr Ressourcennutzer zu generieren und zu verteilen, und Mechanismen zur Konfliktl\u00f6sung zu etablieren. In allen Systemen gab es eine starke funktionelle Trennung der verschienden Akteursrollen, diese war jedoch in den Subysystemen auf unterschiedliche Art ausgepr\u00e4gt. Die Existenz und Funktionalit\u00e4t von lokalen Partizipationsorganen verbesserte die Lage der einzelnen Ressourcennutzer deutlich. Der im Raum Pendjari implementierte Ansatz erwies sich in verschiedener Hinsicht als Modell f\u00fcr die angrenzenden Regionen.<\/p>\n<\/div>\n<\/div><\/div><\/div><\/div><div id=\"pgc-716-0-2\"  class=\"panel-grid-cell\" ><div id=\"panel-716-0-2-0\" class=\"so-panel widget widget_sow-image panel-first-child\" data-index=\"4\" ><div\n\t\t\t\n\t\t\tclass=\"so-widget-sow-image so-widget-sow-image-default-8b5b6f678277-716\"\n\t\t\t\n\t\t>\n\n<div class=\"sow-image-container\">\n\t\t<img loading=\"lazy\" decoding=\"async\" src=\"http:\/\/konrad-consulting.net\/wp-content\/uploads\/2016\/01\/Afrique-de-lOuest-28.jpg\" width=\"1000\" height=\"1000\" srcset=\"http:\/\/konrad-consulting.net\/wp-content\/uploads\/2016\/01\/Afrique-de-lOuest-28.jpg 1000w, http:\/\/konrad-consulting.net\/wp-content\/uploads\/2016\/01\/Afrique-de-lOuest-28-150x150.jpg 150w, http:\/\/konrad-consulting.net\/wp-content\/uploads\/2016\/01\/Afrique-de-lOuest-28-300x300.jpg 300w, http:\/\/konrad-consulting.net\/wp-content\/uploads\/2016\/01\/Afrique-de-lOuest-28-768x768.jpg 768w, http:\/\/konrad-consulting.net\/wp-content\/uploads\/2016\/01\/Afrique-de-lOuest-28-250x250.jpg 250w, http:\/\/konrad-consulting.net\/wp-content\/uploads\/2016\/01\/Afrique-de-lOuest-28-174x174.jpg 174w\" sizes=\"(max-width: 1000px) 100vw, 1000px\" title=\"SONY DSC\" alt=\"\" \t\tclass=\"so-widget-image\"\/>\n\t<\/div>\n\n<\/div><\/div><div id=\"panel-716-0-2-1\" class=\"so-panel widget widget_sow-image\" data-index=\"5\" ><div\n\t\t\t\n\t\t\tclass=\"so-widget-sow-image so-widget-sow-image-default-8b5b6f678277-716\"\n\t\t\t\n\t\t>\n\n<div class=\"sow-image-container\">\n\t\t<img loading=\"lazy\" decoding=\"async\" src=\"http:\/\/konrad-consulting.net\/wp-content\/uploads\/2016\/01\/Afrique-de-lOuest-277.jpg\" width=\"1000\" height=\"1000\" srcset=\"http:\/\/konrad-consulting.net\/wp-content\/uploads\/2016\/01\/Afrique-de-lOuest-277.jpg 1000w, http:\/\/konrad-consulting.net\/wp-content\/uploads\/2016\/01\/Afrique-de-lOuest-277-150x150.jpg 150w, http:\/\/konrad-consulting.net\/wp-content\/uploads\/2016\/01\/Afrique-de-lOuest-277-300x300.jpg 300w, http:\/\/konrad-consulting.net\/wp-content\/uploads\/2016\/01\/Afrique-de-lOuest-277-768x768.jpg 768w, http:\/\/konrad-consulting.net\/wp-content\/uploads\/2016\/01\/Afrique-de-lOuest-277-250x250.jpg 250w, http:\/\/konrad-consulting.net\/wp-content\/uploads\/2016\/01\/Afrique-de-lOuest-277-174x174.jpg 174w\" sizes=\"(max-width: 1000px) 100vw, 1000px\" title=\"SONY DSC\" alt=\"\" \t\tclass=\"so-widget-image\"\/>\n\t<\/div>\n\n<\/div><\/div><div id=\"panel-716-0-2-2\" class=\"so-panel widget widget_sow-image\" data-index=\"6\" ><div\n\t\t\t\n\t\t\tclass=\"so-widget-sow-image so-widget-sow-image-default-8b5b6f678277-716\"\n\t\t\t\n\t\t>\n\n<div class=\"sow-image-container\">\n\t\t<img loading=\"lazy\" decoding=\"async\" src=\"http:\/\/konrad-consulting.net\/wp-content\/uploads\/2016\/01\/Afrique-de-lOuest-42.jpg\" width=\"1000\" height=\"1000\" srcset=\"http:\/\/konrad-consulting.net\/wp-content\/uploads\/2016\/01\/Afrique-de-lOuest-42.jpg 1000w, http:\/\/konrad-consulting.net\/wp-content\/uploads\/2016\/01\/Afrique-de-lOuest-42-150x150.jpg 150w, http:\/\/konrad-consulting.net\/wp-content\/uploads\/2016\/01\/Afrique-de-lOuest-42-300x300.jpg 300w, http:\/\/konrad-consulting.net\/wp-content\/uploads\/2016\/01\/Afrique-de-lOuest-42-768x768.jpg 768w, http:\/\/konrad-consulting.net\/wp-content\/uploads\/2016\/01\/Afrique-de-lOuest-42-250x250.jpg 250w, http:\/\/konrad-consulting.net\/wp-content\/uploads\/2016\/01\/Afrique-de-lOuest-42-174x174.jpg 174w\" sizes=\"(max-width: 1000px) 100vw, 1000px\" title=\"SONY DSC\" alt=\"\" \t\tclass=\"so-widget-image\"\/>\n\t<\/div>\n\n<\/div><\/div><div id=\"panel-716-0-2-3\" class=\"so-panel widget widget_sow-image panel-last-child\" data-index=\"7\" ><div\n\t\t\t\n\t\t\tclass=\"so-widget-sow-image so-widget-sow-image-default-8b5b6f678277-716\"\n\t\t\t\n\t\t>\n\n<div class=\"sow-image-container\">\n\t\t<img loading=\"lazy\" decoding=\"async\" src=\"http:\/\/konrad-consulting.net\/wp-content\/uploads\/2016\/01\/Afrique-de-lOuest-177.jpg\" width=\"1000\" height=\"1000\" srcset=\"http:\/\/konrad-consulting.net\/wp-content\/uploads\/2016\/01\/Afrique-de-lOuest-177.jpg 1000w, http:\/\/konrad-consulting.net\/wp-content\/uploads\/2016\/01\/Afrique-de-lOuest-177-150x150.jpg 150w, http:\/\/konrad-consulting.net\/wp-content\/uploads\/2016\/01\/Afrique-de-lOuest-177-300x300.jpg 300w, http:\/\/konrad-consulting.net\/wp-content\/uploads\/2016\/01\/Afrique-de-lOuest-177-768x768.jpg 768w, http:\/\/konrad-consulting.net\/wp-content\/uploads\/2016\/01\/Afrique-de-lOuest-177-250x250.jpg 250w, http:\/\/konrad-consulting.net\/wp-content\/uploads\/2016\/01\/Afrique-de-lOuest-177-174x174.jpg 174w\" sizes=\"(max-width: 1000px) 100vw, 1000px\" title=\"Afrique de l&#8217;Ouest 177\" alt=\"\" \t\tclass=\"so-widget-image\"\/>\n\t<\/div>\n\n<\/div><\/div><\/div><\/div><\/div><div id=\"pg-716-1\"  class=\"panel-grid panel-no-style\" ><div id=\"pgc-716-1-0\"  class=\"panel-grid-cell\" ><div id=\"panel-716-1-0-0\" class=\"so-panel widget widget_sow-editor panel-first-child panel-last-child\" data-index=\"8\" ><div class=\"panel-widget-style panel-widget-style-for-716-1-0-0\" ><div\n\t\t\t\n\t\t\tclass=\"so-widget-sow-editor so-widget-sow-editor-base\"\n\t\t\t\n\t\t>\n<div class=\"siteorigin-widget-tinymce textwidget\">\n\t<hr \/><p>\u00a0<\/p><\/div>\n<\/div><\/div><\/div><\/div><\/div><div id=\"pg-716-2\"  class=\"panel-grid panel-has-style\" ><div class=\"siteorigin-panels-stretch panel-row-style panel-row-style-for-716-2\" data-stretch-type=\"full\" ><div id=\"pgc-716-2-0\"  class=\"panel-grid-cell\" ><div id=\"panel-716-2-0-0\" class=\"so-panel widget widget_sow-editor panel-first-child\" data-index=\"9\" ><div\n\t\t\t\n\t\t\tclass=\"so-widget-sow-editor so-widget-sow-editor-base\"\n\t\t\t\n\t\t>\n<div class=\"siteorigin-widget-tinymce textwidget\">\n\t<h1 style=\"text-align: left;\"><span style=\"color: #99cc00;\">Prozess-Unterst\u00fctzung<\/span><\/h1>\n<p style=\"text-align: left;\"><span style=\"color: #000000;\"><strong>Ausarbeitung und Darstellung der \"Critical Contributions\" aller L\u00e4nderorganisationen des WWF-Netzwerks<br \/><\/strong><\/span><\/p>\n<\/div>\n<\/div><\/div><div id=\"panel-716-2-0-1\" class=\"so-panel widget widget_sow-image\" data-index=\"10\" ><div\n\t\t\t\n\t\t\tclass=\"so-widget-sow-image so-widget-sow-image-default-8b5b6f678277-716\"\n\t\t\t\n\t\t>\n\n<div class=\"sow-image-container\">\n\t\t<img loading=\"lazy\" decoding=\"async\" src=\"http:\/\/konrad-consulting.net\/wp-content\/uploads\/2016\/10\/CH.jpg\" width=\"3257\" height=\"1868\" srcset=\"http:\/\/konrad-consulting.net\/wp-content\/uploads\/2016\/10\/CH.jpg 3257w, http:\/\/konrad-consulting.net\/wp-content\/uploads\/2016\/10\/CH-300x172.jpg 300w, http:\/\/konrad-consulting.net\/wp-content\/uploads\/2016\/10\/CH-768x440.jpg 768w, http:\/\/konrad-consulting.net\/wp-content\/uploads\/2016\/10\/CH-1024x587.jpg 1024w\" sizes=\"(max-width: 3257px) 100vw, 3257px\" title=\"ch\" alt=\"\" \t\tclass=\"so-widget-image\"\/>\n\t<\/div>\n\n<\/div><\/div><div id=\"panel-716-2-0-2\" class=\"so-panel widget widget_sow-editor panel-last-child\" data-index=\"11\" ><div\n\t\t\t\n\t\t\tclass=\"so-widget-sow-editor so-widget-sow-editor-base\"\n\t\t\t\n\t\t>\n<div class=\"siteorigin-widget-tinymce textwidget\">\n\t<p><em>Diese Arbeit wurde vom WWF International B\u00fcro in Gland, Schweiz, in Auftrag gegeben.<br \/><\/em><\/p>\n<\/div>\n<\/div><\/div><\/div><div id=\"pgc-716-2-1\"  class=\"panel-grid-cell\" ><div id=\"panel-716-2-1-0\" class=\"so-panel widget widget_sow-editor panel-first-child panel-last-child\" data-index=\"12\" ><div class=\"panel-widget-style panel-widget-style-for-716-2-1-0\" ><div\n\t\t\t\n\t\t\tclass=\"so-widget-sow-editor so-widget-sow-editor-base\"\n\t\t\t\n\t\t>\n<div class=\"siteorigin-widget-tinymce textwidget\">\n\t<p><strong>Durchf\u00fchrung<\/strong><br \/>Dr. Tillmann Konrad und Maria Fuhrmann (Bewegtbild Berlin)<\/p>\n<p><strong>Region<br \/><\/strong>International<\/p>\n<p><strong>Ziel<\/strong><br \/>Unterst\u00fctzung bei der inhaltlichen und grafischen Aufarbeitung der \u201eCritical Contributions\u201c aller WWF L\u00e4nder- und Programmb\u00fcros. Diese Beitr\u00e4ge definieren die St\u00e4rken und strategischen Ansatzpunkte f\u00fcr die Gesamtstrategie des Netzwerks.<\/p>\n<p><strong>Produkte<\/strong><br \/>Der Prozess wurde strategisch und operativ begleitet. Jedes zuliefernde B\u00fcro erhielt eine aufgearbeitete Informationsseite f\u00fcr die interne und externe Kommunikation. Zur Verbesserung der internen Kommunikation wurden animierte Erkl\u00e4rfilme durch unseren Partner Bewegtbild Berlin erstellt.<\/p>\n<p><span style=\"color: #99cc00;\"><strong>\u00a0--- interner Prozess ---<\/strong><\/span><\/p>\n<\/div>\n<\/div><\/div><\/div><\/div><div id=\"pgc-716-2-2\"  class=\"panel-grid-cell\" ><div id=\"panel-716-2-2-0\" class=\"so-panel widget widget_sow-image panel-first-child\" data-index=\"13\" ><div\n\t\t\t\n\t\t\tclass=\"so-widget-sow-image so-widget-sow-image-default-8b5b6f678277-716\"\n\t\t\t\n\t\t>\n\n<div class=\"sow-image-container\">\n\t\t<img loading=\"lazy\" decoding=\"async\" src=\"http:\/\/konrad-consulting.net\/wp-content\/uploads\/2016\/10\/Bildschirmfoto-2016-10-10-um-11.27.32-e1476093699886.png\" width=\"300\" height=\"212\" sizes=\"(max-width: 300px) 100vw, 300px\" title=\"bildschirmfoto-2016-10-10-um-11-27-32\" alt=\"\" \t\tclass=\"so-widget-image\"\/>\n\t<\/div>\n\n<\/div><\/div><div id=\"panel-716-2-2-1\" class=\"so-panel widget widget_sow-image\" data-index=\"14\" ><div\n\t\t\t\n\t\t\tclass=\"so-widget-sow-image so-widget-sow-image-default-8b5b6f678277-716\"\n\t\t\t\n\t\t>\n\n<div class=\"sow-image-container\">\n\t\t<img loading=\"lazy\" decoding=\"async\" src=\"http:\/\/konrad-consulting.net\/wp-content\/uploads\/2016\/10\/Bildschirmfoto-2016-10-10-um-11.08.14.png\" width=\"3812\" height=\"2136\" srcset=\"http:\/\/konrad-consulting.net\/wp-content\/uploads\/2016\/10\/Bildschirmfoto-2016-10-10-um-11.08.14.png 3812w, http:\/\/konrad-consulting.net\/wp-content\/uploads\/2016\/10\/Bildschirmfoto-2016-10-10-um-11.08.14-300x168.png 300w, http:\/\/konrad-consulting.net\/wp-content\/uploads\/2016\/10\/Bildschirmfoto-2016-10-10-um-11.08.14-768x430.png 768w, http:\/\/konrad-consulting.net\/wp-content\/uploads\/2016\/10\/Bildschirmfoto-2016-10-10-um-11.08.14-1024x574.png 1024w\" sizes=\"(max-width: 3812px) 100vw, 3812px\" title=\"bildschirmfoto-2016-10-10-um-11-08-14\" alt=\"\" \t\tclass=\"so-widget-image\"\/>\n\t<\/div>\n\n<\/div><\/div><div id=\"panel-716-2-2-2\" class=\"so-panel widget widget_sow-image panel-last-child\" data-index=\"15\" ><div\n\t\t\t\n\t\t\tclass=\"so-widget-sow-image so-widget-sow-image-default-8b5b6f678277-716\"\n\t\t\t\n\t\t>\n\n<div class=\"sow-image-container\">\n\t\t<img loading=\"lazy\" decoding=\"async\" src=\"http:\/\/konrad-consulting.net\/wp-content\/uploads\/2016\/10\/Bildschirmfoto-2016-10-10-um-11.11.15-e1476093736635.png\" width=\"300\" height=\"163\" sizes=\"(max-width: 300px) 100vw, 300px\" title=\"bildschirmfoto-2016-10-10-um-11-11-15\" alt=\"\" \t\tclass=\"so-widget-image\"\/>\n\t<\/div>\n\n<\/div><\/div><\/div><\/div><\/div><div id=\"pg-716-3\"  class=\"panel-grid panel-no-style\" ><div id=\"pgc-716-3-0\"  class=\"panel-grid-cell\" ><div id=\"panel-716-3-0-0\" class=\"so-panel widget widget_sow-editor panel-first-child panel-last-child\" data-index=\"16\" ><div class=\"panel-widget-style panel-widget-style-for-716-3-0-0\" ><div\n\t\t\t\n\t\t\tclass=\"so-widget-sow-editor so-widget-sow-editor-base\"\n\t\t\t\n\t\t>\n<div class=\"siteorigin-widget-tinymce textwidget\">\n\t<hr \/><p>\u00a0<\/p><\/div>\n<\/div><\/div><\/div><\/div><\/div><div id=\"pg-716-4\"  class=\"panel-grid panel-has-style\" ><div class=\"siteorigin-panels-stretch panel-row-style panel-row-style-for-716-4\" data-stretch-type=\"full\" ><div id=\"pgc-716-4-0\"  class=\"panel-grid-cell\" ><div id=\"panel-716-4-0-0\" class=\"so-panel widget widget_sow-editor panel-first-child\" data-index=\"17\" ><div\n\t\t\t\n\t\t\tclass=\"so-widget-sow-editor so-widget-sow-editor-base\"\n\t\t\t\n\t\t>\n<div class=\"siteorigin-widget-tinymce textwidget\">\n\t<h1 style=\"text-align: left;\"><span style=\"color: #99cc00;\">Evaluierung<\/span><\/h1>\n<p style=\"text-align: left;\"><span style=\"color: #000000;\"><strong>Internationale Naturschutz-Strategie 2013-2017 WWF Deutschland<br \/><\/strong><\/span><\/p>\n<\/div>\n<\/div><\/div><div id=\"panel-716-4-0-1\" class=\"so-panel widget widget_sow-image\" data-index=\"18\" ><div\n\t\t\t\n\t\t\tclass=\"so-widget-sow-image so-widget-sow-image-default-8b5b6f678277-716\"\n\t\t\t\n\t\t>\n\n<div class=\"sow-image-container\">\n\t\t<img loading=\"lazy\" decoding=\"async\" src=\"http:\/\/konrad-consulting.net\/wp-content\/uploads\/2016\/10\/Umrisse_D_2.jpg\" width=\"2212\" height=\"2881\" srcset=\"http:\/\/konrad-consulting.net\/wp-content\/uploads\/2016\/10\/Umrisse_D_2.jpg 2212w, http:\/\/konrad-consulting.net\/wp-content\/uploads\/2016\/10\/Umrisse_D_2-230x300.jpg 230w, http:\/\/konrad-consulting.net\/wp-content\/uploads\/2016\/10\/Umrisse_D_2-768x1000.jpg 768w, http:\/\/konrad-consulting.net\/wp-content\/uploads\/2016\/10\/Umrisse_D_2-786x1024.jpg 786w\" sizes=\"(max-width: 2212px) 100vw, 2212px\" title=\"umrisse_d_2\" alt=\"\" \t\tclass=\"so-widget-image\"\/>\n\t<\/div>\n\n<\/div><\/div><div id=\"panel-716-4-0-2\" class=\"so-panel widget widget_sow-editor panel-last-child\" data-index=\"19\" ><div\n\t\t\t\n\t\t\tclass=\"so-widget-sow-editor so-widget-sow-editor-base\"\n\t\t\t\n\t\t>\n<div class=\"siteorigin-widget-tinymce textwidget\">\n\t<p><em>Diese Arbeit wurde von WWF Deutschland in Auftrag gegeben.<br \/><\/em><\/p>\n<\/div>\n<\/div><\/div><\/div><div id=\"pgc-716-4-1\"  class=\"panel-grid-cell panel-grid-cell-mobile-last\" ><div id=\"panel-716-4-1-0\" class=\"so-panel widget widget_sow-editor panel-first-child panel-last-child\" data-index=\"20\" ><div class=\"panel-widget-style panel-widget-style-for-716-4-1-0\" ><div\n\t\t\t\n\t\t\tclass=\"so-widget-sow-editor so-widget-sow-editor-base\"\n\t\t\t\n\t\t>\n<div class=\"siteorigin-widget-tinymce textwidget\">\n\t<p><strong>Durchf\u00fchrung<\/strong><br \/>Dr. Tillmann Konrad<\/p>\n<p><strong>Region<br \/><\/strong>Deutschland &amp; International<\/p>\n<p><strong>Ziel<br \/><\/strong>Evaluierung der inhaltlichen Naturschutzarbeit des WWF-Deutschland durch<br \/>(a) eine prozess- und zielorientierte Evaluierung der Strategie, einschlie\u00dflich der Identifikation von systemischen Erfolgs- und Misserfolgsfaktoren<br \/>(b) eine Analyse der Kooperationen des WWF-Deutschland mit ausgew\u00e4hlten Netzwerkpartnern (online-Befragung)<\/p>\n<p><strong>Ergebnis<\/strong><br \/>Die abgeleiteten Empfehlungen flossen im Rahmen des adaptiven Managements direkt in den neuen Strategieprozess ein.<\/p>\n<p><span style=\"color: #99cc00;\"><strong>\u00a0--- interner Prozess ---<\/strong><\/span><\/p>\n<\/div>\n<\/div><\/div><\/div><\/div><div id=\"pgc-716-4-2\"  class=\"panel-grid-cell panel-grid-cell-empty\" ><\/div><\/div><\/div><div id=\"pg-716-5\"  class=\"panel-grid panel-no-style\" ><div id=\"pgc-716-5-0\"  class=\"panel-grid-cell\" ><div id=\"panel-716-5-0-0\" class=\"so-panel widget widget_sow-editor panel-first-child panel-last-child\" data-index=\"21\" ><div\n\t\t\t\n\t\t\tclass=\"so-widget-sow-editor so-widget-sow-editor-base\"\n\t\t\t\n\t\t>\n<div class=\"siteorigin-widget-tinymce textwidget\">\n\t<hr \/>&nbsp;<\/div>\n<\/div><\/div><\/div><\/div><div id=\"pg-716-6\"  class=\"panel-grid panel-has-style\" ><div class=\"siteorigin-panels-stretch panel-row-style panel-row-style-for-716-6\" data-stretch-type=\"full\" ><div id=\"pgc-716-6-0\"  class=\"panel-grid-cell\" ><div id=\"panel-716-6-0-0\" class=\"so-panel widget widget_sow-editor panel-first-child\" data-index=\"22\" ><div\n\t\t\t\n\t\t\tclass=\"so-widget-sow-editor so-widget-sow-editor-base\"\n\t\t\t\n\t\t>\n<div class=\"siteorigin-widget-tinymce textwidget\">\n\t<h1 style=\"text-align: left;\"><span style=\"color: #99cc00;\">Studie<\/span><\/h1>\n<p style=\"text-align: left;\"><span style=\"color: #000000;\"><strong>Drohnen &amp; Wildereibek\u00e4mpfung: aktueller Status Quo (Ende 2016)<br \/><\/strong><\/span><\/p>\n<\/div>\n<\/div><\/div><div id=\"panel-716-6-0-1\" class=\"so-panel widget widget_sow-image\" data-index=\"23\" ><div\n\t\t\t\n\t\t\tclass=\"so-widget-sow-image so-widget-sow-image-default-8b5b6f678277-716\"\n\t\t\t\n\t\t>\n\n<div class=\"sow-image-container\">\n\t\t<img loading=\"lazy\" decoding=\"async\" src=\"http:\/\/konrad-consulting.net\/wp-content\/uploads\/2017\/04\/Drones.jpg\" width=\"2275\" height=\"2452\" srcset=\"http:\/\/konrad-consulting.net\/wp-content\/uploads\/2017\/04\/Drones.jpg 2275w, http:\/\/konrad-consulting.net\/wp-content\/uploads\/2017\/04\/Drones-278x300.jpg 278w, http:\/\/konrad-consulting.net\/wp-content\/uploads\/2017\/04\/Drones-768x828.jpg 768w, http:\/\/konrad-consulting.net\/wp-content\/uploads\/2017\/04\/Drones-950x1024.jpg 950w\" sizes=\"(max-width: 2275px) 100vw, 2275px\" title=\"afrique10\" alt=\"\" \t\tclass=\"so-widget-image\"\/>\n\t<\/div>\n\n<\/div><\/div><div id=\"panel-716-6-0-2\" class=\"so-panel widget widget_sow-editor panel-last-child\" data-index=\"24\" ><div\n\t\t\t\n\t\t\tclass=\"so-widget-sow-editor so-widget-sow-editor-base\"\n\t\t\t\n\t\t>\n<div class=\"siteorigin-widget-tinymce textwidget\">\n\t<p><em>Auftraggeber: GIZ Polifonds-Einzelma\u00dfnahme \u201eBekaempfung von Wilderei und illegalem Handel mit Wildtierprodukten\u201c<\/em><\/p>\n<\/div>\n<\/div><\/div><\/div><div id=\"pgc-716-6-1\"  class=\"panel-grid-cell\" ><div id=\"panel-716-6-1-0\" class=\"so-panel widget widget_sow-editor panel-first-child panel-last-child\" data-index=\"25\" ><div class=\"panel-widget-style panel-widget-style-for-716-6-1-0\" ><div\n\t\t\t\n\t\t\tclass=\"so-widget-sow-editor so-widget-sow-editor-base\"\n\t\t\t\n\t\t>\n<div class=\"siteorigin-widget-tinymce textwidget\">\n\t<p><strong>Durchf\u00fchrung<\/strong><br \/>Dr. Tillmann Konrad<\/p>\n<p><strong>Region<\/strong><br \/>International, Schwerpunkt Subsahara-Afrika<\/p>\n<p><strong>Ziel<\/strong><br \/>\u00dcbersichtsstudie zu den M\u00f6glichkeiten und dem aktuellen Status quo von Drohneneins\u00e4tzen zur Wildereibek\u00e4mpfung unter Ber\u00fccksichtigung von u.a. \u00a0technischen, finanziellen und juristischen Aspekten.<\/p>\n<p><strong>Ergebnisse<\/strong><br \/>Entsprechend der schnellen Entwicklung auf dem UAV-Sektor und den zahlreichen angebotenen Systemen, ergeben sich verschiedene Optionen f\u00fcr den Einsatz unbemannter Flugobjekte im Naturschutzsektor. Die M\u00f6glichkeiten zum gro\u00dffl\u00e4chigen \u00dcberwachungseinsatz gegen Wilderei sind derzeit jedoch aufgrund mangelnder finanzieller Mittel und Budgets limitiert. Kleinere Systeme k\u00f6nnen f\u00fcr taktische Ma\u00dfnahmen eingesetzt werden. Naturschutztechnologien wird zwar gro\u00dfes Potential f\u00fcr die Zukunft einger\u00e4umt, die meisten Naturschutzverantwortlichen setzen jedoch andere Priorit\u00e4ten. Gut ausgebildete und motivierte Ranger, Kommunikations- und Mobilit\u00e4tsmittel und Managementsysteme bilden die Grundlage f\u00fcr den erfolgreichen Einsatz solcher Technologien.<\/p>\n<\/div>\n<\/div><\/div><\/div><\/div><div id=\"pgc-716-6-2\"  class=\"panel-grid-cell\" ><div id=\"panel-716-6-2-0\" class=\"so-panel widget widget_sow-image panel-first-child panel-last-child\" data-index=\"26\" ><div\n\t\t\t\n\t\t\tclass=\"so-widget-sow-image so-widget-sow-image-default-8b5b6f678277-716\"\n\t\t\t\n\t\t>\n\n<div class=\"sow-image-container\">\n\t\t<img loading=\"lazy\" decoding=\"async\" src=\"http:\/\/konrad-consulting.net\/wp-content\/uploads\/2017\/04\/Bildschirmfoto-2017-04-25-um-18.48.43.png\" width=\"1220\" height=\"1722\" srcset=\"http:\/\/konrad-consulting.net\/wp-content\/uploads\/2017\/04\/Bildschirmfoto-2017-04-25-um-18.48.43.png 1220w, http:\/\/konrad-consulting.net\/wp-content\/uploads\/2017\/04\/Bildschirmfoto-2017-04-25-um-18.48.43-213x300.png 213w, http:\/\/konrad-consulting.net\/wp-content\/uploads\/2017\/04\/Bildschirmfoto-2017-04-25-um-18.48.43-768x1084.png 768w, http:\/\/konrad-consulting.net\/wp-content\/uploads\/2017\/04\/Bildschirmfoto-2017-04-25-um-18.48.43-725x1024.png 725w\" sizes=\"(max-width: 1220px) 100vw, 1220px\" title=\"Bildschirmfoto 2017-04-25 um 18.48.43\" alt=\"\" \t\tclass=\"so-widget-image\"\/>\n\t<\/div>\n\n<\/div><\/div><\/div><\/div><\/div><div id=\"pg-716-7\"  class=\"panel-grid panel-no-style\" ><div id=\"pgc-716-7-0\"  class=\"panel-grid-cell\" ><div id=\"panel-716-7-0-0\" class=\"so-panel widget widget_sow-editor panel-first-child panel-last-child\" data-index=\"27\" ><div\n\t\t\t\n\t\t\tclass=\"so-widget-sow-editor so-widget-sow-editor-base\"\n\t\t\t\n\t\t>\n<div class=\"siteorigin-widget-tinymce textwidget\">\n\t<hr \/>&nbsp;<\/div>\n<\/div><\/div><\/div><\/div><div id=\"pg-716-8\"  class=\"panel-grid panel-has-style\" ><div class=\"siteorigin-panels-stretch panel-row-style panel-row-style-for-716-8\" data-stretch-type=\"full\" ><div id=\"pgc-716-8-0\"  class=\"panel-grid-cell\" ><div id=\"panel-716-8-0-0\" class=\"so-panel widget widget_sow-editor panel-first-child\" data-index=\"28\" ><div\n\t\t\t\n\t\t\tclass=\"so-widget-sow-editor so-widget-sow-editor-base\"\n\t\t\t\n\t\t>\n<div class=\"siteorigin-widget-tinymce textwidget\">\n\t<h1 style=\"text-align: left;\"><span style=\"color: #99cc00;\">Evaluierung<\/span><\/h1>\n<p style=\"text-align: left;\"><span style=\"color: #000000;\"><strong>WWF Amur-Heilong Ecoregional Programme<br \/><\/strong><\/span><\/p>\n<\/div>\n<\/div><\/div><div id=\"panel-716-8-0-1\" class=\"so-panel widget widget_sow-image\" data-index=\"29\" ><div\n\t\t\t\n\t\t\tclass=\"so-widget-sow-image so-widget-sow-image-default-8b5b6f678277-716\"\n\t\t\t\n\t\t>\n\n<div class=\"sow-image-container\">\n\t\t<img loading=\"lazy\" decoding=\"async\" src=\"http:\/\/konrad-consulting.net\/wp-content\/uploads\/2017\/05\/asie10.jpg\" width=\"2621\" height=\"2270\" srcset=\"http:\/\/konrad-consulting.net\/wp-content\/uploads\/2017\/05\/asie10.jpg 2621w, http:\/\/konrad-consulting.net\/wp-content\/uploads\/2017\/05\/asie10-300x260.jpg 300w, http:\/\/konrad-consulting.net\/wp-content\/uploads\/2017\/05\/asie10-768x665.jpg 768w, http:\/\/konrad-consulting.net\/wp-content\/uploads\/2017\/05\/asie10-1024x887.jpg 1024w\" sizes=\"(max-width: 2621px) 100vw, 2621px\" alt=\"\" \t\tclass=\"so-widget-image\"\/>\n\t<\/div>\n\n<\/div><\/div><div id=\"panel-716-8-0-2\" class=\"so-panel widget widget_sow-editor panel-last-child\" data-index=\"30\" ><div\n\t\t\t\n\t\t\tclass=\"so-widget-sow-editor so-widget-sow-editor-base\"\n\t\t\t\n\t\t>\n<div class=\"siteorigin-widget-tinymce textwidget\">\n\t<p><em>Auftraggeber: WWF DE f\u00fcr WWF Amur-Heilong Ecoregional Programme<br \/><\/em><\/p>\n<\/div>\n<\/div><\/div><\/div><div id=\"pgc-716-8-1\"  class=\"panel-grid-cell panel-grid-cell-mobile-last\" ><div id=\"panel-716-8-1-0\" class=\"so-panel widget widget_sow-editor panel-first-child panel-last-child\" data-index=\"31\" ><div class=\"panel-widget-style panel-widget-style-for-716-8-1-0\" ><div\n\t\t\t\n\t\t\tclass=\"so-widget-sow-editor so-widget-sow-editor-base\"\n\t\t\t\n\t\t>\n<div class=\"siteorigin-widget-tinymce textwidget\">\n\t<p><strong>Durchf\u00fchrung<\/strong><br \/>Dr. Tillmann Konrad<\/p>\n<p><strong>Region<\/strong><br \/>Russischer Ferner Osten, nord\u00f6stliche Mongolei, nord\u00f6stliches China<\/p>\n<p><strong>Ziel<br \/><\/strong>Evaluierung des Programms (2014-17) anhand der Kriterien: Relevanz &amp; Design, Effizienz, Effektivit\u00e4t, Impact, Nachhaltigkeit, Adaptives Management. Bewertung der Rollen aller teilnehmenden L\u00e4nderorganisationen; Ausarbeitung der Programmerfolge, -Herausforderungen und Lessons Learned.<\/p>\n<p><strong>Ergebnisse<\/strong><\/p>\n<p><span style=\"color: #99cc00;\"><strong>\u00a0--- interner Prozess ---<\/strong><\/span><\/p>\n<\/div>\n<\/div><\/div><\/div><\/div><div id=\"pgc-716-8-2\"  class=\"panel-grid-cell panel-grid-cell-empty\" ><\/div><\/div><\/div><div id=\"pg-716-9\"  class=\"panel-grid panel-has-style\" ><div class=\"siteorigin-panels-stretch panel-row-style panel-row-style-for-716-9\" data-stretch-type=\"full\" ><div id=\"pgc-716-9-0\"  class=\"panel-grid-cell\" ><div id=\"panel-716-9-0-0\" class=\"so-panel widget widget_sow-editor panel-first-child\" data-index=\"32\" ><div\n\t\t\t\n\t\t\tclass=\"so-widget-sow-editor so-widget-sow-editor-base\"\n\t\t\t\n\t\t>\n<div class=\"siteorigin-widget-tinymce textwidget\">\n\t<h1 style=\"text-align: left;\"><span style=\"color: #99cc00;\">Strategische Beratung<br \/><\/span><\/h1>\n<p style=\"text-align: left;\"><span style=\"color: #000000;\"><strong>WWF Deutschland<br \/><\/strong><\/span><\/p>\n<\/div>\n<\/div><\/div><div id=\"panel-716-9-0-1\" class=\"so-panel widget widget_sow-image\" data-index=\"33\" ><div\n\t\t\t\n\t\t\tclass=\"so-widget-sow-image so-widget-sow-image-default-8b5b6f678277-716\"\n\t\t\t\n\t\t>\n\n<div class=\"sow-image-container\">\n\t\t<img loading=\"lazy\" decoding=\"async\" src=\"http:\/\/konrad-consulting.net\/wp-content\/uploads\/2016\/10\/Umrisse_D_2.jpg\" width=\"2212\" height=\"2881\" srcset=\"http:\/\/konrad-consulting.net\/wp-content\/uploads\/2016\/10\/Umrisse_D_2.jpg 2212w, http:\/\/konrad-consulting.net\/wp-content\/uploads\/2016\/10\/Umrisse_D_2-230x300.jpg 230w, http:\/\/konrad-consulting.net\/wp-content\/uploads\/2016\/10\/Umrisse_D_2-768x1000.jpg 768w, http:\/\/konrad-consulting.net\/wp-content\/uploads\/2016\/10\/Umrisse_D_2-786x1024.jpg 786w\" sizes=\"(max-width: 2212px) 100vw, 2212px\" title=\"umrisse_d_2\" alt=\"\" \t\tclass=\"so-widget-image\"\/>\n\t<\/div>\n\n<\/div><\/div><div id=\"panel-716-9-0-2\" class=\"so-panel widget widget_sow-editor panel-last-child\" data-index=\"34\" ><div\n\t\t\t\n\t\t\tclass=\"so-widget-sow-editor so-widget-sow-editor-base\"\n\t\t\t\n\t\t>\n<div class=\"siteorigin-widget-tinymce textwidget\">\n\t<p><em>Auftraggeber: WWF DE Innovation, Sciences, Technologies &amp; Solutions <br \/><\/em><\/p>\n<\/div>\n<\/div><\/div><\/div><div id=\"pgc-716-9-1\"  class=\"panel-grid-cell panel-grid-cell-mobile-last\" ><div id=\"panel-716-9-1-0\" class=\"so-panel widget widget_sow-editor panel-first-child panel-last-child\" data-index=\"35\" ><div class=\"panel-widget-style panel-widget-style-for-716-9-1-0\" ><div\n\t\t\t\n\t\t\tclass=\"so-widget-sow-editor so-widget-sow-editor-base\"\n\t\t\t\n\t\t>\n<div class=\"siteorigin-widget-tinymce textwidget\">\n\t<p><strong>Durchf\u00fchrung<\/strong><br \/>Dr. Tillmann Konrad<\/p>\n<p><strong>Region<br \/><\/strong>Deutschland\/ International<\/p>\n<p><strong>Ziel<br \/><\/strong>Unterst\u00fctzung bei der Erarbeitung eines strategischen Rahmens f\u00fcr den Arbeitsbereich, wissenschaftlich basierte Fokussierung auf die Schwerpunkte Governance und Collective Action. Recherche von Wissenschaftsliteratur zu zentralen WWF Themen.<\/p>\n<p><strong>Ergebnisse<\/strong><\/p>\n<p><span style=\"color: #99cc00;\"><strong>\u00a0--- interner Prozess ---<\/strong><\/span><\/p>\n<\/div>\n<\/div><\/div><\/div><\/div><div id=\"pgc-716-9-2\"  class=\"panel-grid-cell panel-grid-cell-empty\" ><\/div><\/div><\/div><div id=\"pg-716-10\"  class=\"panel-grid panel-has-style\" ><div class=\"siteorigin-panels-stretch panel-row-style panel-row-style-for-716-10\" data-stretch-type=\"full\" ><div id=\"pgc-716-10-0\"  class=\"panel-grid-cell\" ><div id=\"panel-716-10-0-0\" class=\"so-panel widget widget_sow-editor panel-first-child\" data-index=\"36\" ><div\n\t\t\t\n\t\t\tclass=\"so-widget-sow-editor so-widget-sow-editor-base\"\n\t\t\t\n\t\t>\n<div class=\"siteorigin-widget-tinymce textwidget\">\n\t<h1 style=\"text-align: left;\"><span style=\"color: #99cc00;\">Evaluierung\/ Studie<br \/><\/span><\/h1>\n<p style=\"text-align: left;\"><span style=\"color: #000000;\"><strong>GIZ\/ Neue Technologien zur Wildereibek\u00e4mpfung und des illegalen Wildtierhandels<br \/><\/strong><\/span><\/p>\n<\/div>\n<\/div><\/div><div id=\"panel-716-10-0-1\" class=\"so-panel widget widget_sow-image\" data-index=\"37\" ><div\n\t\t\t\n\t\t\tclass=\"so-widget-sow-image so-widget-sow-image-default-8b5b6f678277-716\"\n\t\t\t\n\t\t>\n\n<div class=\"sow-image-container\">\n\t\t<img loading=\"lazy\" decoding=\"async\" src=\"http:\/\/konrad-consulting.net\/wp-content\/uploads\/2017\/04\/Drones.jpg\" width=\"2275\" height=\"2452\" srcset=\"http:\/\/konrad-consulting.net\/wp-content\/uploads\/2017\/04\/Drones.jpg 2275w, http:\/\/konrad-consulting.net\/wp-content\/uploads\/2017\/04\/Drones-278x300.jpg 278w, http:\/\/konrad-consulting.net\/wp-content\/uploads\/2017\/04\/Drones-768x828.jpg 768w, http:\/\/konrad-consulting.net\/wp-content\/uploads\/2017\/04\/Drones-950x1024.jpg 950w\" sizes=\"(max-width: 2275px) 100vw, 2275px\" title=\"afrique10\" alt=\"\" \t\tclass=\"so-widget-image\"\/>\n\t<\/div>\n\n<\/div><\/div><div id=\"panel-716-10-0-2\" class=\"so-panel widget widget_sow-editor panel-last-child\" data-index=\"38\" ><div\n\t\t\t\n\t\t\tclass=\"so-widget-sow-editor so-widget-sow-editor-base\"\n\t\t\t\n\t\t>\n<div class=\"siteorigin-widget-tinymce textwidget\">\n\t<p><em>Auftraggeber: GIZ\/ Partnerschaft zur Bekaempfung von Wilderei und illegalem Handel mit Wildtierprodukten<br \/><\/em><\/p>\n<\/div>\n<\/div><\/div><\/div><div id=\"pgc-716-10-1\"  class=\"panel-grid-cell panel-grid-cell-mobile-last\" ><div id=\"panel-716-10-1-0\" class=\"so-panel widget widget_sow-editor panel-first-child panel-last-child\" data-index=\"39\" ><div class=\"panel-widget-style panel-widget-style-for-716-10-1-0\" ><div\n\t\t\t\n\t\t\tclass=\"so-widget-sow-editor so-widget-sow-editor-base\"\n\t\t\t\n\t\t>\n<div class=\"siteorigin-widget-tinymce textwidget\">\n\t<p><strong>Durchf\u00fchrung<\/strong><br \/>Dr. Tillmann Konrad<\/p>\n<p><strong>Region<br \/><\/strong>Subsahara-Afrika\/ global<strong><br \/><\/strong><\/p>\n<p><strong>Ziel<br \/><\/strong>Review, Analyse und Bewertung unterschiedlicher moderner Technologien zur Bek\u00e4mpfung von Wilderei und illegalem Wildtierhandel.<strong> <br \/><\/strong><\/p>\n<p><strong>Ergebnisse<\/strong><\/p>\n<p><span style=\"color: #99cc00;\"><strong>\u00a0--- interner Prozess ---<\/strong><\/span><\/p>\n<\/div>\n<\/div><\/div><\/div><\/div><div id=\"pgc-716-10-2\"  class=\"panel-grid-cell panel-grid-cell-empty\" ><\/div><\/div><\/div><div id=\"pg-716-11\"  class=\"panel-grid panel-has-style\" ><div class=\"siteorigin-panels-stretch panel-row-style panel-row-style-for-716-11\" data-stretch-type=\"full\" ><div id=\"pgc-716-11-0\"  class=\"panel-grid-cell\" ><div id=\"panel-716-11-0-0\" class=\"so-panel widget widget_sow-editor panel-first-child\" data-index=\"40\" ><div\n\t\t\t\n\t\t\tclass=\"so-widget-sow-editor so-widget-sow-editor-base\"\n\t\t\t\n\t\t>\n<div class=\"siteorigin-widget-tinymce textwidget\">\n\t<h1 style=\"text-align: left;\"><span style=\"color: #99cc00;\">Strategische Beratung<br \/><\/span><\/h1>\n<p style=\"text-align: left;\"><span style=\"color: #000000;\"><strong>Lidl Stiftung &amp; Co. KG<br \/><\/strong><\/span><\/p>\n<\/div>\n<\/div><\/div><div id=\"panel-716-11-0-1\" class=\"so-panel widget widget_sow-image\" data-index=\"41\" ><div\n\t\t\t\n\t\t\tclass=\"so-widget-sow-image so-widget-sow-image-default-8b5b6f678277-716\"\n\t\t\t\n\t\t>\n\n<div class=\"sow-image-container\">\n\t\t<img loading=\"lazy\" decoding=\"async\" src=\"http:\/\/konrad-consulting.net\/wp-content\/uploads\/2016\/10\/Umrisse_D_2.jpg\" width=\"2212\" height=\"2881\" srcset=\"http:\/\/konrad-consulting.net\/wp-content\/uploads\/2016\/10\/Umrisse_D_2.jpg 2212w, http:\/\/konrad-consulting.net\/wp-content\/uploads\/2016\/10\/Umrisse_D_2-230x300.jpg 230w, http:\/\/konrad-consulting.net\/wp-content\/uploads\/2016\/10\/Umrisse_D_2-768x1000.jpg 768w, http:\/\/konrad-consulting.net\/wp-content\/uploads\/2016\/10\/Umrisse_D_2-786x1024.jpg 786w\" sizes=\"(max-width: 2212px) 100vw, 2212px\" title=\"umrisse_d_2\" alt=\"\" \t\tclass=\"so-widget-image\"\/>\n\t<\/div>\n\n<\/div><\/div><div id=\"panel-716-11-0-2\" class=\"so-panel widget widget_sow-editor panel-last-child\" data-index=\"42\" ><div\n\t\t\t\n\t\t\tclass=\"so-widget-sow-editor so-widget-sow-editor-base\"\n\t\t\t\n\t\t>\n<div class=\"siteorigin-widget-tinymce textwidget\">\n\t<p><em>Auftraggeber: Lidl Stiftung &amp; Co. KG | Internationaler Einkauf<br \/><\/em><\/p>\n<\/div>\n<\/div><\/div><\/div><div id=\"pgc-716-11-1\"  class=\"panel-grid-cell\" ><div id=\"panel-716-11-1-0\" class=\"so-panel widget widget_sow-editor panel-first-child panel-last-child\" data-index=\"43\" ><div class=\"panel-widget-style panel-widget-style-for-716-11-1-0\" ><div\n\t\t\t\n\t\t\tclass=\"so-widget-sow-editor so-widget-sow-editor-base\"\n\t\t\t\n\t\t>\n<div class=\"siteorigin-widget-tinymce textwidget\">\n\t<p><strong>Durchf\u00fchrung<\/strong><br \/>Dr. Tillmann Konrad, Ivonne zum Felde, Nick Haimerl<\/p>\n<p><strong>Region<br \/><\/strong>Konzernweit<strong><br \/><\/strong><\/p>\n<p><strong>Ziel<br \/><\/strong>Erweiterung des Lidl-Lebensraumkonzepts und Erarbeitung eines unternehmensweiten Standards<strong><br \/><\/strong><\/p>\n<p><strong>Ergebnisse<\/strong><\/p>\n<p><span style=\"color: #99cc00;\"><strong>\u00a0--- interner Prozess ---<\/strong><\/span><\/p>\n<\/div>\n<\/div><\/div><\/div><\/div><div id=\"pgc-716-11-2\"  class=\"panel-grid-cell\" ><div id=\"panel-716-11-2-0\" class=\"so-panel widget widget_sow-image panel-first-child panel-last-child\" data-index=\"44\" ><div\n\t\t\t\n\t\t\tclass=\"so-widget-sow-image so-widget-sow-image-default-8b5b6f678277-716\"\n\t\t\t\n\t\t>\n\n<div class=\"sow-image-container\">\n\t\t<img loading=\"lazy\" decoding=\"async\" src=\"http:\/\/konrad-consulting.net\/wp-content\/uploads\/2022\/04\/Bildschirmfoto-2022-04-05-um-17.44.37.png\" width=\"1714\" height=\"1210\" srcset=\"http:\/\/konrad-consulting.net\/wp-content\/uploads\/2022\/04\/Bildschirmfoto-2022-04-05-um-17.44.37.png 1714w, http:\/\/konrad-consulting.net\/wp-content\/uploads\/2022\/04\/Bildschirmfoto-2022-04-05-um-17.44.37-300x212.png 300w, http:\/\/konrad-consulting.net\/wp-content\/uploads\/2022\/04\/Bildschirmfoto-2022-04-05-um-17.44.37-768x542.png 768w, http:\/\/konrad-consulting.net\/wp-content\/uploads\/2022\/04\/Bildschirmfoto-2022-04-05-um-17.44.37-1024x723.png 1024w\" sizes=\"(max-width: 1714px) 100vw, 1714px\" title=\"Bildschirmfoto 2022-04-05 um 17.44.37\" alt=\"\" \t\tclass=\"so-widget-image\"\/>\n\t<\/div>\n\n<\/div><\/div><\/div><\/div><\/div><div id=\"pg-716-12\"  class=\"panel-grid panel-no-style\" ><div id=\"pgc-716-12-0\"  class=\"panel-grid-cell\" ><div id=\"panel-716-12-0-0\" class=\"so-panel widget widget_sow-editor panel-first-child panel-last-child\" data-index=\"45\" ><div\n\t\t\t\n\t\t\tclass=\"so-widget-sow-editor so-widget-sow-editor-base\"\n\t\t\t\n\t\t>\n<div class=\"siteorigin-widget-tinymce textwidget\">\n\t<hr \/>&nbsp;<\/div>\n<\/div><\/div><\/div><\/div><div id=\"pg-716-13\"  class=\"panel-grid panel-has-style\" ><div class=\"panel-row-style panel-row-style-for-716-13\" ><div id=\"pgc-716-13-0\"  class=\"panel-grid-cell\" ><div id=\"panel-716-13-0-0\" class=\"so-panel widget widget_sow-editor panel-first-child panel-last-child\" data-index=\"46\" ><div\n\t\t\t\n\t\t\tclass=\"so-widget-sow-editor so-widget-sow-editor-base\"\n\t\t\t\n\t\t>\n<div class=\"siteorigin-widget-tinymce textwidget\">\n\t<p>In Arbeit - wir bitten um ein wenig Geduld.<\/p>\n<\/div>\n<\/div><\/div><\/div><div id=\"pgc-716-13-1\"  class=\"panel-grid-cell panel-grid-cell-empty panel-grid-cell-mobile-last\" ><\/div><div id=\"pgc-716-13-2\"  class=\"panel-grid-cell panel-grid-cell-empty\" ><\/div><\/div><\/div><\/div>","protected":false},"excerpt":{"rendered":"<p>EvaluierungGovernance eines grenz\u00fcbergreifenden Schutzgebietskomplexes in Westafrika Diese Arbeit wurde im Rahmen des BIOTA-Programms durch das Bundesministerium f\u00fcr Bildung und Forschung (BMBF) finanziert Durchf\u00fchrungDr. Tillmann KonradRegionGrenz\u00fcbergreifender Schutzgebietskomplex W-Arly-Pendjari in Benin\/Burkina Faso. Der Komplex erstreckt sich auf \u00fcber 30.000 Quadratkilometer und setzt sich aus etwa 20 Untereinheiten zusammen.Ziel(a) Analyse der Governance-Strukturen auf Mikro-, Meso- und Makroebene inkl.<a href=\"http:\/\/konrad-consulting.net\/?page_id=716\">[&#8230;]<\/a><\/p>\n","protected":false},"author":1,"featured_media":0,"parent":0,"menu_order":0,"comment_status":"closed","ping_status":"closed","template":"template-fullwidth.php","meta":{"jetpack_post_was_ever_published":false,"footnotes":""},"jetpack_sharing_enabled":true,"jetpack_shortlink":"https:\/\/wp.me\/P7bTOm-by","_links":{"self":[{"href":"http:\/\/konrad-consulting.net\/index.php?rest_route=\/wp\/v2\/pages\/716"}],"collection":[{"href":"http:\/\/konrad-consulting.net\/index.php?rest_route=\/wp\/v2\/pages"}],"about":[{"href":"http:\/\/konrad-consulting.net\/index.php?rest_route=\/wp\/v2\/types\/page"}],"author":[{"embeddable":true,"href":"http:\/\/konrad-consulting.net\/index.php?rest_route=\/wp\/v2\/users\/1"}],"replies":[{"embeddable":true,"href":"http:\/\/konrad-consulting.net\/index.php?rest_route=%2Fwp%2Fv2%2Fcomments&post=716"}],"version-history":[{"count":88,"href":"http:\/\/konrad-consulting.net\/index.php?rest_route=\/wp\/v2\/pages\/716\/revisions"}],"predecessor-version":[{"id":903,"href":"http:\/\/konrad-consulting.net\/index.php?rest_route=\/wp\/v2\/pages\/716\/revisions\/903"}],"wp:attachment":[{"href":"http:\/\/konrad-consulting.net\/index.php?rest_route=%2Fwp%2Fv2%2Fmedia&parent=716"}],"curies":[{"name":"wp","href":"https:\/\/api.w.org\/{rel}","templated":true}]}}